{"id":9122,"date":"2019-10-28T13:19:13","date_gmt":"2019-10-28T12:19:13","guid":{"rendered":"http:\/\/maisongersdorff.com\/?page_id=9122\/"},"modified":"2021-04-22T18:24:49","modified_gmt":"2021-04-22T16:24:49","slug":"demain","status":"publish","type":"page","link":"https:\/\/maisongersdorff.com\/fr\/demain\/","title":{"rendered":"Demain"},"content":{"rendered":"<p>[vc_row content_width=\u00a0\u00bbgrid\u00a0\u00bb css=\u00a0\u00bb.vc_custom_1497604208393{padding-top: 95px !important;padding-bottom: 65px !important;background-image: url(http:\/\/maisongersdorff.com\/wp-content\/uploads\/2016\/10\/back04-2.jpg?id=8146) !important;}\u00a0\u00bb][vc_column offset=\u00a0\u00bbvc_col-md-6 vc_hidden-sm vc_hidden-xs\u00a0\u00bb][vc_empty_space height=\u00a0\u00bb100px\u00a0\u00bb][vc_gallery type=\u00a0\u00bbimage_grid\u00a0\u00bb images=\u00a0\u00bb9499,9500,9502,9503,9504,9505,9506,9507,9508&Prime;][\/vc_column][vc_column offset=\u00a0\u00bbvc_col-md-6&Prime;][vc_single_image image=\u00a0\u00bb9482&Prime; img_size=\u00a0\u00bb200&#215;100&Prime; alignment=\u00a0\u00bbcenter\u00a0\u00bb][vc_empty_space height=\u00a0\u00bb10px\u00a0\u00bb][vc_empty_space height=\u00a0\u00bb10px\u00a0\u00bb]<div class=\"eltd-section-title-outer-holder\" style=\"text-align: center\">\n\n\t\t\t<div class=\"eltd-section-subtitle-holder\">\n\t\t\t<h5 class=\"eltd-section-subtitle\" style=\"font-family: Arial, Helvetica, sans-serif;;color: #000000;;;;\">\n\t\t\t\tLa table de Demain s&#039;est implant\u00e9e dans la nouvelle maison de la culture de Namur, le &#039;Delta&#039;.\t\t\t<\/h5>\n\t\t<\/div>\n\t\n\t\n<\/div>[vc_empty_space height=\u00a0\u00bb10px\u00a0\u00bb][vc_column_text]<\/p>\n<div dir=\"auto\" style=\"text-align: center;\"><\/div>\n<p style=\"text-align: center;\">La Table de Demain, au \u00ab\u00a0Delta\u00a0\u00bb de Namur, un concept de partage autour d\u2019un verre, d\u2019un plat \u00e0 partager, d\u2019un repas, o\u00f9 la musique, l\u2019art, la convivialit\u00e9 et l\u2019authenticit\u00e9 c\u00f4toient la simplicit\u00e9.<\/p>\n<p style=\"text-align: center;\"><strong>Ceci n<\/strong><strong>\u2019est pas un restaurant\u2026<\/strong><\/p>\n<p style=\"text-align: center;\">Amoureux de vrais produits et conscients de l\u2019enjeu que repr\u00e9sente nos habitudes alimentaires, il nous tient \u00e0 c\u0153ur de promouvoir et de proposer une alternative saine et durable.<\/p>\n<p style=\"text-align: center;\">Respecter la saisonnalit\u00e9 des cultures et le bien-\u00eatre animal est capital, un euro d\u00e9pens\u00e9 \u00e0 la Table de Demain, c\u2019est aussi, r\u00e9tribuer directement un producteur en circuit court.<\/p>\n<p style=\"text-align: center;\">Nous aimons partager nos rencontres avec des artisans passionn\u00e9s\u00a0: Ceux qui nous racontent une histoire \u00e0 travers leurs produits. Cela nous permet de vous souhaiter bon app\u00e9tit plut\u00f4t que \u00ab\u00a0bonne chance\u00a0\u00bb.<\/p>\n<p style=\"text-align: center;\">Merci \u00e0 vous de saisir l\u2019occasion de devenir acteur de l\u2019\u00e9conomie circulaire et participer ainsi \u00e0 l\u2019avenir de la plan\u00e8te.<\/p>\n<p style=\"text-align: center;\">L\u2019\u00e9quipe de le Table de Demain<\/p>\n<h3 style=\"text-align: center;\"><a href=\"http:\/\/latablededemain.be\/\" target=\"_blank\" rel=\"noopener noreferrer\">www.latablededemain.be<\/a><\/h3>\n<p>[\/vc_column_text][\/vc_column][\/vc_row]<\/p>\n","protected":false},"excerpt":{"rendered":"<p>[vc_row content_width=\u00a0\u00bbgrid\u00a0\u00bb css=\u00a0\u00bb.vc_custom_1497604208393{padding-top: 95px !important;padding-bottom: 65px !important;background-image: url(http:\/\/maisongersdorff.com\/wp-content\/uploads\/2016\/10\/back04-2.jpg?id=8146) !important;}\u00a0\u00bb][vc_column offset=\u00a0\u00bbvc_col-md-6 vc_hidden-sm vc_hidden-xs\u00a0\u00bb][vc_empty_space height=\u00a0\u00bb100px\u00a0\u00bb][vc_gallery type=\u00a0\u00bbimage_grid\u00a0\u00bb images=\u00a0\u00bb9499,9500,9502,9503,9504,9505,9506,9507,9508&Prime;][\/vc_column][vc_column offset=\u00a0\u00bbvc_col-md-6&Prime;][vc_single_image image=\u00a0\u00bb9482&Prime; img_size=\u00a0\u00bb200&#215;100&Prime; alignment=\u00a0\u00bbcenter\u00a0\u00bb][vc_empty_space height=\u00a0\u00bb10px\u00a0\u00bb][vc_empty_space height=\u00a0\u00bb10px\u00a0\u00bb][vc_empty_space height=\u00a0\u00bb10px\u00a0\u00bb][vc_column_text] La Table de Demain, au \u00ab\u00a0Delta\u00a0\u00bb de Namur, un concept de partage autour d\u2019un verre, d\u2019un plat \u00e0 partager, d\u2019un repas, o\u00f9 la&#8230;<\/p>\n","protected":false},"author":3,"featured_media":0,"parent":0,"menu_order":0,"comment_status":"closed","ping_status":"closed","template":"full-width.php","meta":{"footnotes":""},"class_list":["post-9122","page","type-page","status-publish","hentry"],"_links":{"self":[{"href":"https:\/\/maisongersdorff.com\/fr\/wp-json\/wp\/v2\/pages\/9122","targetHints":{"allow":["GET"]}}],"collection":[{"href":"https:\/\/maisongersdorff.com\/fr\/wp-json\/wp\/v2\/pages"}],"about":[{"href":"https:\/\/maisongersdorff.com\/fr\/wp-json\/wp\/v2\/types\/page"}],"author":[{"embeddable":true,"href":"https:\/\/maisongersdorff.com\/fr\/wp-json\/wp\/v2\/users\/3"}],"replies":[{"embeddable":true,"href":"https:\/\/maisongersdorff.com\/fr\/wp-json\/wp\/v2\/comments?post=9122"}],"version-history":[{"count":41,"href":"https:\/\/maisongersdorff.com\/fr\/wp-json\/wp\/v2\/pages\/9122\/revisions"}],"predecessor-version":[{"id":9511,"href":"https:\/\/maisongersdorff.com\/fr\/wp-json\/wp\/v2\/pages\/9122\/revisions\/9511"}],"wp:attachment":[{"href":"https:\/\/maisongersdorff.com\/fr\/wp-json\/wp\/v2\/media?parent=9122"}],"curies":[{"name":"wp","href":"https:\/\/api.w.org\/{rel}","templated":true}]}}