{"id":8335,"date":"2017-06-28T11:37:40","date_gmt":"2017-06-28T09:37:40","guid":{"rendered":"http:\/\/maisongersdorff.com\/?page_id=8335"},"modified":"2017-08-21T15:20:21","modified_gmt":"2017-08-21T13:20:21","slug":"presse","status":"publish","type":"page","link":"https:\/\/maisongersdorff.com\/fr\/presse\/","title":{"rendered":"Presse"},"content":{"rendered":"<p>[vc_row content_width=\u00a0\u00bbgrid\u00a0\u00bb][vc_column][vc_column_text]<a href=\"http:\/\/milkywaysblueyes.com\/fr\/le-ne5t-un-cocon-niche-au-sommet-de-la-citadelle-de-namur\/ -\" target=\"_blank\" rel=\"noopener noreferrer\"><img loading=\"lazy\" decoding=\"async\" class=\"alignnone size-full\" src=\"http:\/\/maisongersdorff.com\/wp-content\/uploads\/2017\/08\/le-ne5t-un-cocon-niche-au-sommet-de-la-citadelle-de-namur.jpg\" alt=\"Revue de presse\" width=\"250\" height=\"250\" \/><\/a><a href=\"http:\/\/www.elle.be\/fr\/154313-ne5t-nouveau-spa-a-namur.html?f\" target=\"_blank\" rel=\"noopener noreferrer\"><img loading=\"lazy\" decoding=\"async\" class=\"alignnone size-full\" src=\"http:\/\/maisongersdorff.com\/wp-content\/uploads\/2017\/08\/ne5t-nouveau-spa-a-namur.jpg\" alt=\"Revue de presse\" width=\"250\" height=\"250\" \/><\/a><a href=\"http:\/\/www.wawmagazine.be\/fr\/julien-wauthier-bien-plus-qu-un-top-chef\" target=\"_blank\" rel=\"noopener noreferrer\"><img loading=\"lazy\" decoding=\"async\" class=\"alignnone size-full wp-image-8433\" src=\"http:\/\/maisongersdorff.com\/wp-content\/uploads\/2017\/06\/waw.png\" alt=\"\" width=\"250\" height=\"250\" srcset=\"https:\/\/maisongersdorff.com\/wp-content\/uploads\/2017\/06\/waw.png 250w, https:\/\/maisongersdorff.com\/wp-content\/uploads\/2017\/06\/waw-150x150.png 150w\" sizes=\"auto, (max-width: 250px) 100vw, 250px\" \/><\/a><a href=\"http:\/\/www.lesoir.be\/node\/99817\" target=\"_blank\" rel=\"noopener noreferrer\"><img loading=\"lazy\" decoding=\"async\" class=\"alignnone size-full wp-image-8429\" src=\"http:\/\/maisongersdorff.com\/wp-content\/uploads\/2017\/06\/lesoir.png\" alt=\"\" width=\"250\" height=\"250\" srcset=\"https:\/\/maisongersdorff.com\/wp-content\/uploads\/2017\/06\/lesoir.png 250w, https:\/\/maisongersdorff.com\/wp-content\/uploads\/2017\/06\/lesoir-150x150.png 150w\" sizes=\"auto, (max-width: 250px) 100vw, 250px\" \/><\/a><br \/>\n<a href=\"http:\/\/www.namurcongres.be\/fr\/le-ne5t-plus-ultra.html?IDC=27181&amp;IDD=220640&amp;utm_source=Mailing&amp;utm_medium=e-mail&amp;utm_campaign=Newsletter+22+janvier+2013\" target=\"_blank\" rel=\"noopener noreferrer\"><img loading=\"lazy\" decoding=\"async\" class=\"alignnone wp-image-4586 size-full\" src=\"http:\/\/ne5t.com\/wp-content\/uploads\/2016\/08\/namur-congress.jpg\" alt=\"Revue de presse\" width=\"250\" height=\"250\" \/><\/a><a href=\"http:\/\/www.dhnet.be\/archive\/enfin-un-resortspa-de-luxe-a-namur-51b7e116e4b0de6db9927d48\" target=\"_blank\" rel=\"noopener noreferrer\"><img loading=\"lazy\" decoding=\"async\" class=\"alignnone wp-image-4587 size-full\" src=\"http:\/\/ne5t.com\/wp-content\/uploads\/2016\/08\/dh.jpg\" alt=\"dh\" width=\"250\" height=\"250\" \/><\/a><a href=\"http:\/\/www.lavenir.net\/cnt\/dmf20130130_00261759\" target=\"_blank\" rel=\"noopener noreferrer\"><img loading=\"lazy\" decoding=\"async\" class=\"alignnone wp-image-4588 size-full\" src=\"http:\/\/ne5t.com\/wp-content\/uploads\/2016\/08\/l-avenir.jpg\" alt=\"l-avenir\" width=\"250\" height=\"250\" \/><\/a><a href=\"http:\/\/www.sudinfo.be\/651973\/article\/regions\/namur\/actualite\/2013-01-28\/le-prince-albert-de-monaco-accompagne-de-philippe-en-visite-a-namur-ce-jeudi\" target=\"_blank\" rel=\"noopener noreferrer\"><img loading=\"lazy\" decoding=\"async\" class=\"alignnone wp-image-4589 size-full\" src=\"http:\/\/ne5t.com\/wp-content\/uploads\/2016\/08\/la-meuse.jpg\" alt=\"la-meuse\" width=\"250\" height=\"250\" \/><\/a><a href=\"https:\/\/www.youtube.com\/watch?v=U3FIQrSu6MA&amp;feature=youtu.be\" target=\"_blank\" rel=\"noopener noreferrer\"><img loading=\"lazy\" decoding=\"async\" class=\"alignnone wp-image-4590 size-full\" src=\"http:\/\/ne5t.com\/wp-content\/uploads\/2016\/08\/rtl.jpg\" alt=\"rtl\" width=\"250\" height=\"250\" \/><\/a><a href=\"http:\/\/ne5t.com\/wp-content\/uploads\/2016\/08\/196_DI_1_NamurAud.pdf\" target=\"_blank\" rel=\"noopener noreferrer\"><img loading=\"lazy\" decoding=\"async\" class=\"alignnone wp-image-4592 size-full\" src=\"http:\/\/ne5t.com\/wp-content\/uploads\/2016\/08\/deco.jpg\" alt=\"deco\" width=\"250\" height=\"250\" \/><\/a><a href=\"http:\/\/www.kmo-insider.biz\/nieuws\/inside-info\/nieuw-hotel-namen\" target=\"_blank\" rel=\"noopener noreferrer\"><img loading=\"lazy\" decoding=\"async\" class=\"alignnone wp-image-4593 size-full\" src=\"http:\/\/ne5t.com\/wp-content\/uploads\/2016\/08\/kmo.jpg\" alt=\"kmo\" width=\"250\" height=\"250\" \/><\/a><a href=\"http:\/\/www.lavenir.net\/cnt\/dmf20130105_00251452\" target=\"_blank\" rel=\"noopener noreferrer\"><img loading=\"lazy\" decoding=\"async\" class=\"alignnone wp-image-4588 size-full\" src=\"http:\/\/ne5t.com\/wp-content\/uploads\/2016\/08\/l-avenir.jpg\" alt=\"l-avenir\" width=\"250\" height=\"250\" \/><\/a><a href=\"http:\/\/www.lavenir.net\/cnt\/dmf20130409_00294086\" target=\"_blank\" rel=\"noopener noreferrer\"><img loading=\"lazy\" decoding=\"async\" class=\"alignnone wp-image-4588 size-full\" src=\"http:\/\/ne5t.com\/wp-content\/uploads\/2016\/08\/l-avenir.jpg\" alt=\"l-avenir\" width=\"250\" height=\"250\" \/><\/a><a href=\"http:\/\/www.lavenir.net\/cnt\/dmf20130105_00251501\" target=\"_blank\" rel=\"noopener noreferrer\"><img loading=\"lazy\" decoding=\"async\" class=\"alignnone wp-image-4588 size-full\" src=\"http:\/\/ne5t.com\/wp-content\/uploads\/2016\/08\/l-avenir.jpg\" alt=\"l-avenir\" width=\"250\" height=\"250\" \/><\/a><a href=\"http:\/\/ne5t.com\/wp-content\/uploads\/2016\/08\/ArticleNe5t-Prince-Albert.png\" target=\"_blank\" rel=\"noopener noreferrer\"><img loading=\"lazy\" decoding=\"async\" class=\"alignnone wp-image-4591 size-full\" src=\"http:\/\/ne5t.com\/wp-content\/uploads\/2016\/08\/7dimanche.jpg\" alt=\"7dimanche\" width=\"250\" height=\"250\" \/><\/a><a href=\"http:\/\/www.standaard.be\/cnt\/dmf20120727_00237379\" target=\"_blank\" rel=\"noopener noreferrer\"><img loading=\"lazy\" decoding=\"async\" class=\"alignnone wp-image-8740 size-full\" title=\"hotel mangement group belgium\" src=\"http:\/\/laplagedamee.be\/wp-content\/uploads\/2017\/03\/ds.jpg\" alt=\"\" width=\"250\" height=\"250\" \/><\/a><br \/>\n<a href=\"https:\/\/www.rtbf.be\/info\/regions\/detail_des-chambres-d-hotel-flottantes-sur-la-meuse?id=9537034\" target=\"_blank\" rel=\"noopener noreferrer\"><img loading=\"lazy\" decoding=\"async\" class=\"margin:10px alignnone wp-image-8745 size-full\" title=\"family owned hospitality group\" src=\"http:\/\/laplagedamee.be\/wp-content\/uploads\/2017\/03\/rtbf.jpg\" alt=\"\" width=\"250\" height=\"250\" \/><\/a><a href=\"http:\/\/www.lavenir.net\/cnt\/dmf20170118_00946467\/julien-wauthier-de-la-plage-d-amee-a-la-conquete-de-top-chef\" target=\"_blank\" rel=\"noopener noreferrer\"><img loading=\"lazy\" decoding=\"async\" class=\"margin:10px alignnone wp-image-8743 size-full\" title=\"family hospitality group belgium\" src=\"http:\/\/laplagedamee.be\/wp-content\/uploads\/2017\/03\/l-avenir.jpg\" alt=\"\" width=\"250\" height=\"250\" \/><\/a><a href=\"http:\/\/www.rtl.be\/people\/tele\/top-chef\/julien-candidat-belge-de-top-chef-8-une-choses-est-certaine-c-est-qu-on-va-entendre-parler-des-belges-c-est-indeniable-video--886227.aspx\" target=\"_blank\" rel=\"noopener noreferrer\"><img loading=\"lazy\" decoding=\"async\" class=\"margin:10px alignnone wp-image-8744 size-full\" title=\"family hospitality consulting\" src=\"http:\/\/laplagedamee.be\/wp-content\/uploads\/2017\/03\/rtl.jpg\" alt=\"\" width=\"250\" height=\"250\" \/><\/a><a href=\"http:\/\/www.sudinfo.be\/1793296\/article\/2017-02-21\/julien-wauthier-un-des-candidats-de-top-chef-se-confie-j-ai-quasi-connu-la-rue\" target=\"_blank\" rel=\"noopener noreferrer\"><img loading=\"lazy\" decoding=\"async\" class=\"margin:10px alignnone wp-image-8742 size-full\" title=\"hospitality consulting belgium\" src=\"http:\/\/laplagedamee.be\/wp-content\/uploads\/2017\/03\/sudinfo.jpg\" alt=\"\" width=\"250\" height=\"250\" \/><\/a><a href=\"https:\/\/www.rtbf.be\/info\/regions\/detail_des-chambres-d-hotel-flottantes-sur-la-meuse?id=9537034\" target=\"_blank\" rel=\"noopener noreferrer\"><img loading=\"lazy\" decoding=\"async\" class=\"margin:10px alignnone wp-image-8745 size-full\" title=\"family owned hospitality group\" src=\"http:\/\/laplagedamee.be\/wp-content\/uploads\/2017\/03\/rtbf.jpg\" alt=\"\" width=\"250\" height=\"250\" \/><\/a><a href=\"http:\/\/www.lavenir.net\/cnt\/dmf20170118_00946467\/julien-wauthier-de-la-plage-d-amee-a-la-conquete-de-top-chef\" target=\"_blank\" rel=\"noopener noreferrer\"><img loading=\"lazy\" decoding=\"async\" class=\"margin:10px alignnone wp-image-8743 size-full\" title=\"family hospitality group belgium\" src=\"http:\/\/laplagedamee.be\/wp-content\/uploads\/2017\/03\/l-avenir.jpg\" alt=\"\" width=\"250\" height=\"250\" \/><\/a><a href=\"http:\/\/www.rtl.be\/people\/tele\/top-chef\/julien-candidat-belge-de-top-chef-8-une-choses-est-certaine-c-est-qu-on-va-entendre-parler-des-belges-c-est-indeniable-video--886227.aspx\" target=\"_blank\" rel=\"noopener noreferrer\"><img loading=\"lazy\" decoding=\"async\" class=\"margin:10px alignnone wp-image-8744 size-full\" title=\"family hospitality consulting\" src=\"http:\/\/laplagedamee.be\/wp-content\/uploads\/2017\/03\/rtl.jpg\" alt=\"\" width=\"250\" height=\"250\" \/><\/a><a href=\"http:\/\/www.sudinfo.be\/1793296\/article\/2017-02-21\/julien-wauthier-un-des-candidats-de-top-chef-se-confie-j-ai-quasi-connu-la-rue\" target=\"_blank\" rel=\"noopener noreferrer\"><img loading=\"lazy\" decoding=\"async\" class=\"margin:10px alignnone wp-image-8742 size-full\" title=\"hospitality consulting belgium\" src=\"http:\/\/laplagedamee.be\/wp-content\/uploads\/2017\/03\/sudinfo.jpg\" alt=\"\" width=\"250\" height=\"250\" \/><\/a><a href=\"http:\/\/www.lesoir.be\/node\/99817\" target=\"_blank\" rel=\"noopener noreferrer\"><img loading=\"lazy\" decoding=\"async\" class=\"alignnone size-full wp-image-8429\" src=\"http:\/\/maisongersdorff.com\/wp-content\/uploads\/2017\/06\/lesoir.png\" alt=\"\" width=\"250\" height=\"250\" srcset=\"https:\/\/maisongersdorff.com\/wp-content\/uploads\/2017\/06\/lesoir.png 250w, https:\/\/maisongersdorff.com\/wp-content\/uploads\/2017\/06\/lesoir-150x150.png 150w\" sizes=\"auto, (max-width: 250px) 100vw, 250px\" \/><\/a><a href=\"https:\/\/www.rtbf.be\/info\/regions\/detail_des-chambres-d-hotel-flottantes-sur-la-meuse?id=9537034\" target=\"_blank\" rel=\"noopener noreferrer\"><img loading=\"lazy\" decoding=\"async\" class=\"margin:10px alignnone wp-image-8745 size-full\" title=\"family owned hospitality group\" src=\"http:\/\/laplagedamee.be\/wp-content\/uploads\/2017\/03\/rtbf.jpg\" alt=\"\" width=\"250\" height=\"250\" \/><\/a><a href=\"http:\/\/www.dhnet.be\/regions\/namur-luxembourg\/l-hotel-flottant-sur-la-meuse-premiere-en-europe-58c982dbcd705cd98df5f040\" target=\"_blank\" rel=\"noopener noreferrer\"><img loading=\"lazy\" decoding=\"async\" class=\"alignnone wp-image-4587 size-full\" src=\"http:\/\/ne5t.com\/wp-content\/uploads\/2016\/08\/dh.jpg\" alt=\"dh\" width=\"250\" height=\"250\" \/><\/a><a href=\"http:\/\/www.lesoir.be\/node\/99817\" target=\"_blank\" rel=\"noopener noreferrer\"><img loading=\"lazy\" decoding=\"async\" class=\"alignnone size-full wp-image-8429\" src=\"http:\/\/maisongersdorff.com\/wp-content\/uploads\/2017\/06\/lesoir.png\" alt=\"\" width=\"250\" height=\"250\" srcset=\"https:\/\/maisongersdorff.com\/wp-content\/uploads\/2017\/06\/lesoir.png 250w, https:\/\/maisongersdorff.com\/wp-content\/uploads\/2017\/06\/lesoir-150x150.png 150w\" sizes=\"auto, (max-width: 250px) 100vw, 250px\" \/><\/a><a href=\"http:\/\/www.dhnet.be\/archive\/plage-d-amee-benoit-gersdorff-va-s-installer-aux-fourneaux-51b8384fe4b0de6db9a112d7\" target=\"_blank\" rel=\"noopener noreferrer\"><img loading=\"lazy\" decoding=\"async\" class=\"alignnone wp-image-4587 size-full\" src=\"http:\/\/ne5t.com\/wp-content\/uploads\/2016\/08\/dh.jpg\" alt=\"dh\" width=\"250\" height=\"250\" \/><\/a><a href=\"http:\/\/www.divercitymag.be\/fr\/namur-accueillera-le-premier-hotel-flottant-deurope\/\" target=\"_blank\" rel=\"noopener noreferrer\"> <img loading=\"lazy\" decoding=\"async\" class=\"alignnone wp-image-8431 size-full\" src=\"http:\/\/maisongersdorff.com\/wp-content\/uploads\/2017\/06\/divercity.png\" alt=\"\" width=\"250\" height=\"250\" srcset=\"https:\/\/maisongersdorff.com\/wp-content\/uploads\/2017\/06\/divercity.png 250w, https:\/\/maisongersdorff.com\/wp-content\/uploads\/2017\/06\/divercity-150x150.png 150w\" sizes=\"auto, (max-width: 250px) 100vw, 250px\" \/><\/a><a href=\"https:\/\/references.lesoir.be\/article\/beno\u00eet-gersdorff-chef-\u00e9toil\u00e9-du-pavillon-belge-\u00e0-l\u2019expo-de-shanghai\/\" target=\"_blank\" rel=\"noopener noreferrer\"> <img loading=\"lazy\" decoding=\"async\" class=\"alignnone wp-image-8435 size-full\" src=\"http:\/\/maisongersdorff.com\/wp-content\/uploads\/2017\/07\/ref.png\" alt=\"\" width=\"250\" height=\"250\" srcset=\"https:\/\/maisongersdorff.com\/wp-content\/uploads\/2017\/07\/ref.png 250w, https:\/\/maisongersdorff.com\/wp-content\/uploads\/2017\/07\/ref-150x150.png 150w\" sizes=\"auto, (max-width: 250px) 100vw, 250px\" \/><\/a><a href=\"http:\/\/www.wawmagazine.be\/fr\/une-bonne-cave\" target=\"_blank\" rel=\"noopener noreferrer\"><img loading=\"lazy\" decoding=\"async\" class=\"alignnone size-full wp-image-8433\" src=\"http:\/\/maisongersdorff.com\/wp-content\/uploads\/2017\/06\/waw.png\" alt=\"\" width=\"250\" height=\"250\" srcset=\"https:\/\/maisongersdorff.com\/wp-content\/uploads\/2017\/06\/waw.png 250w, https:\/\/maisongersdorff.com\/wp-content\/uploads\/2017\/06\/waw-150x150.png 150w\" sizes=\"auto, (max-width: 250px) 100vw, 250px\" \/><\/a>[\/vc_column_text][\/vc_column][\/vc_row]<\/p>\n","protected":false},"excerpt":{"rendered":"<p>[vc_row content_width=\u00a0\u00bbgrid\u00a0\u00bb][vc_column][vc_column_text] [\/vc_column_text][\/vc_column][\/vc_row]<\/p>\n","protected":false},"author":1,"featured_media":0,"parent":0,"menu_order":0,"comment_status":"closed","ping_status":"closed","template":"full-width.php","meta":{"footnotes":""},"class_list":["post-8335","page","type-page","status-publish","hentry"],"_links":{"self":[{"href":"https:\/\/maisongersdorff.com\/fr\/wp-json\/wp\/v2\/pages\/8335","targetHints":{"allow":["GET"]}}],"collection":[{"href":"https:\/\/maisongersdorff.com\/fr\/wp-json\/wp\/v2\/pages"}],"about":[{"href":"https:\/\/maisongersdorff.com\/fr\/wp-json\/wp\/v2\/types\/page"}],"author":[{"embeddable":true,"href":"https:\/\/maisongersdorff.com\/fr\/wp-json\/wp\/v2\/users\/1"}],"replies":[{"embeddable":true,"href":"https:\/\/maisongersdorff.com\/fr\/wp-json\/wp\/v2\/comments?post=8335"}],"version-history":[{"count":5,"href":"https:\/\/maisongersdorff.com\/fr\/wp-json\/wp\/v2\/pages\/8335\/revisions"}],"predecessor-version":[{"id":8538,"href":"https:\/\/maisongersdorff.com\/fr\/wp-json\/wp\/v2\/pages\/8335\/revisions\/8538"}],"wp:attachment":[{"href":"https:\/\/maisongersdorff.com\/fr\/wp-json\/wp\/v2\/media?parent=8335"}],"curies":[{"name":"wp","href":"https:\/\/api.w.org\/{rel}","templated":true}]}}