{"id":8321,"date":"2017-06-28T11:28:03","date_gmt":"2017-06-28T09:28:03","guid":{"rendered":"http:\/\/maisongersdorff.com\/?page_id=8321"},"modified":"2018-11-25T15:00:35","modified_gmt":"2018-11-25T14:00:35","slug":"la-plage-damee-restaurant","status":"publish","type":"page","link":"https:\/\/maisongersdorff.com\/fr\/la-plage-damee-restaurant\/","title":{"rendered":"La Plage d&rsquo;Am\u00e9e"},"content":{"rendered":"<p>[vc_row content_width=\u00a0\u00bbgrid\u00a0\u00bb css=\u00a0\u00bb.vc_custom_1497604208393{padding-top: 95px !important;padding-bottom: 65px !important;background-image: url(http:\/\/maisongersdorff.com\/wp-content\/uploads\/2016\/10\/back04-2.jpg?id=8146) !important;}\u00a0\u00bb][vc_column offset=\u00a0\u00bbvc_col-md-6&Prime;][vc_empty_space height=\u00a0\u00bb30px\u00a0\u00bb][vc_gallery type=\u00a0\u00bbimage_grid\u00a0\u00bb images=\u00a0\u00bb8110,8225,8769,8220,8219,8227,8222,8224,8226&Prime;][\/vc_column][vc_column offset=\u00a0\u00bbvc_col-md-6&Prime;]<div class=\"eltd-section-title-outer-holder\" style=\"text-align: center\">\n\n\t\n\t\t\t<div class=\"eltd-section-title-title-holder\">\n\t\t\t\t<h2 class=\"eltd-section-title\" style=\"font-family: Open Sans;font-size: 30px;color: #5e5e5e;font-weight: 200;line-height: 72px;;;\">\n\t\t\t\tLA PLAGE D&#039;AMEE\t\t\t\t<\/h2>\n\t\t<\/div>\n\t\n<\/div>[vc_empty_space height=\u00a0\u00bb3px\u00a0\u00bb][vc_column_text]<\/p>\n<p id=\"tw-target-text\" class=\"tw-data-text tw-ta tw-text-small\" dir=\"ltr\" data-placeholder=\"Traduction\"><span lang=\"fr\">Le restaurant <em>La Plage D&rsquo;Am\u00e9e<\/em> vous accueille presque les pieds dans l&rsquo;eau depuis de nombreuses ann\u00e9es. Le cadre vous offre une ambiance et une d\u00e9coration contemporaines, ainsi qu&rsquo;une cuisine gastronomique fra\u00eeche avec des produits locaux et saisonniers. <\/span><\/p>\n<p class=\"tw-data-text tw-ta tw-text-small\" dir=\"ltr\" data-placeholder=\"Traduction\"><span lang=\"fr\">Une atmosph\u00e8re unique vous permettant de\u00a0profiter d&rsquo;une superbe vue sur la Meuse depuis l&rsquo;int\u00e9rieur ou depuis notre terrasse, \u00e9lue l&rsquo;une des plus belles terrasses du Benelux.<\/span><\/p>\n<p style=\"text-align: center;\"><strong><a href=\"http:\/\/www.laplagedamee.be\" target=\"_blank\" rel=\"noopener noreferrer\">www.laplagedamee.be<\/a><\/strong><\/p>\n<p><img loading=\"lazy\" decoding=\"async\" class=\"wp-image-8966 aligncenter\" src=\"http:\/\/maisongersdorff.com\/wp-content\/uploads\/2018\/11\/michelin-300x125.png\" alt=\"\" width=\"150\" height=\"63\" srcset=\"https:\/\/maisongersdorff.com\/wp-content\/uploads\/2018\/11\/michelin-300x125.png 300w, https:\/\/maisongersdorff.com\/wp-content\/uploads\/2018\/11\/michelin.png 658w\" sizes=\"auto, (max-width: 150px) 100vw, 150px\" \/>[\/vc_column_text][\/vc_column][\/vc_row]<\/p>\n","protected":false},"excerpt":{"rendered":"<p>[vc_row content_width=\u00a0\u00bbgrid\u00a0\u00bb css=\u00a0\u00bb.vc_custom_1497604208393{padding-top: 95px !important;padding-bottom: 65px !important;background-image: url(http:\/\/maisongersdorff.com\/wp-content\/uploads\/2016\/10\/back04-2.jpg?id=8146) !important;}\u00a0\u00bb][vc_column offset=\u00a0\u00bbvc_col-md-6&Prime;][vc_empty_space height=\u00a0\u00bb30px\u00a0\u00bb][vc_gallery type=\u00a0\u00bbimage_grid\u00a0\u00bb images=\u00a0\u00bb8110,8225,8769,8220,8219,8227,8222,8224,8226&Prime;][\/vc_column][vc_column offset=\u00a0\u00bbvc_col-md-6&Prime;][vc_empty_space height=\u00a0\u00bb3px\u00a0\u00bb][vc_column_text] Le restaurant La Plage D&rsquo;Am\u00e9e vous accueille presque les pieds dans l&rsquo;eau depuis de nombreuses ann\u00e9es. Le cadre vous offre une ambiance et une d\u00e9coration contemporaines, ainsi qu&rsquo;une cuisine gastronomique&#8230;<\/p>\n","protected":false},"author":1,"featured_media":0,"parent":0,"menu_order":0,"comment_status":"closed","ping_status":"closed","template":"full-width.php","meta":{"footnotes":""},"class_list":["post-8321","page","type-page","status-publish","hentry"],"_links":{"self":[{"href":"https:\/\/maisongersdorff.com\/fr\/wp-json\/wp\/v2\/pages\/8321","targetHints":{"allow":["GET"]}}],"collection":[{"href":"https:\/\/maisongersdorff.com\/fr\/wp-json\/wp\/v2\/pages"}],"about":[{"href":"https:\/\/maisongersdorff.com\/fr\/wp-json\/wp\/v2\/types\/page"}],"author":[{"embeddable":true,"href":"https:\/\/maisongersdorff.com\/fr\/wp-json\/wp\/v2\/users\/1"}],"replies":[{"embeddable":true,"href":"https:\/\/maisongersdorff.com\/fr\/wp-json\/wp\/v2\/comments?post=8321"}],"version-history":[{"count":10,"href":"https:\/\/maisongersdorff.com\/fr\/wp-json\/wp\/v2\/pages\/8321\/revisions"}],"predecessor-version":[{"id":8969,"href":"https:\/\/maisongersdorff.com\/fr\/wp-json\/wp\/v2\/pages\/8321\/revisions\/8969"}],"wp:attachment":[{"href":"https:\/\/maisongersdorff.com\/fr\/wp-json\/wp\/v2\/media?parent=8321"}],"curies":[{"name":"wp","href":"https:\/\/api.w.org\/{rel}","templated":true}]}}